{"id":399,"date":"2025-12-26T18:42:11","date_gmt":"2025-12-26T18:42:11","guid":{"rendered":"https:\/\/www.diangelo.com.ar\/web\/?page_id=399"},"modified":"2026-01-06T17:20:31","modified_gmt":"2026-01-06T17:20:31","slug":"accidentes-de-peatones-o-en-via-publica","status":"publish","type":"page","link":"https:\/\/www.diangelo.com.ar\/web\/accidentes-de-peatones-o-en-via-publica\/","title":{"rendered":"CA\u00cdDA Y LESIONES EN LA V\u00cdA PUBLICA"},"content":{"rendered":"\t\t<div data-elementor-type=\"wp-page\" data-elementor-id=\"399\" class=\"elementor elementor-399\">\n\t\t\t\t<div class=\"elementor-element elementor-element-3f21755 e-flex e-con-boxed e-con e-parent\" data-id=\"3f21755\" data-element_type=\"container\" data-e-type=\"container\">\n\t\t\t\t\t<div class=\"e-con-inner\">\n\t\t<div class=\"elementor-element elementor-element-33b8b8e e-con-full e-flex e-con e-child\" data-id=\"33b8b8e\" data-element_type=\"container\" data-e-type=\"container\">\n\t\t\t\t<div class=\"elementor-element elementor-element-e84e9df elementor-widget__width-initial elementor-widget-mobile__width-initial elementor-widget elementor-widget-text-editor\" data-id=\"e84e9df\" data-element_type=\"widget\" data-e-type=\"widget\" data-widget_type=\"text-editor.default\">\n\t\t\t\t<div class=\"elementor-widget-container\">\n\t\t\t\t\t\t\t\t\t<blockquote>\n<p>En primer lugar es importante que consultes con ABOGADOS ESPECIALISTAS EN ACCIDENTES CA\u00cdDAS Y LESIONES EN V\u00cdA P\u00daBLICA EN CABA.<\/p>\n<p><strong><span style=\"color: #ce1a1a;\"><a style=\"color: #ce1a1a;\" href=\"https:\/\/www.diangelo.com.ar\/web\/hablemos\/\">Pod\u00e9s consultar desde el formulario<\/a><\/span> o por WhatsApp: 1159549900<\/strong><\/p>\n<\/blockquote>\n<p><!-- \/wp:paragraph --><!-- wp:paragraph --><\/p>\n<p><!-- \/wp:paragraph --><!-- wp:paragraph --><\/p>\n<p><!-- \/wp:paragraph --><\/p>\t\t\t\t\t\t\t\t<\/div>\n\t\t\t\t<\/div>\n\t\t\t\t<\/div>\n\t\t<div class=\"elementor-element elementor-element-d835efa e-con-full e-flex e-con e-child\" data-id=\"d835efa\" data-element_type=\"container\" data-e-type=\"container\">\n\t\t\t\t<div class=\"elementor-element elementor-element-7b8051a elementor-widget elementor-widget-text-editor\" data-id=\"7b8051a\" data-element_type=\"widget\" data-e-type=\"widget\" data-widget_type=\"text-editor.default\">\n\t\t\t\t<div class=\"elementor-widget-container\">\n\t\t\t\t\t\t\t\t\t<blockquote>\n<p>\u00bfTuviste un accidentes? \u00bfQuer\u00e9s informarte sobre los casos m\u00e1s frecuentes o parecidos al tuyo? Podemos asesorarte e iniciar tu demanda, tenemos amplia experiencia en casos similares al tuyo, trato personalizado y resultados exitosos.<\/p>\n<\/blockquote>\n<p><!-- \/wp:paragraph --><!-- wp:paragraph --><\/p>\n<p><!-- \/wp:paragraph --><!-- wp:paragraph --><\/p>\n<p><!-- \/wp:paragraph --><\/p>\t\t\t\t\t\t\t\t<\/div>\n\t\t\t\t<\/div>\n\t\t\t\t<\/div>\n\t\t\t\t\t<\/div>\n\t\t\t\t<\/div>\n\t\t<div class=\"elementor-element elementor-element-297b801 e-flex e-con-boxed e-con e-parent\" data-id=\"297b801\" data-element_type=\"container\" data-e-type=\"container\">\n\t\t\t\t\t<div class=\"e-con-inner\">\n\t\t\t\t<div class=\"elementor-element elementor-element-2c2329c elementor-widget elementor-widget-heading\" data-id=\"2c2329c\" data-element_type=\"widget\" data-e-type=\"widget\" data-widget_type=\"heading.default\">\n\t\t\t\t<div class=\"elementor-widget-container\">\n\t\t\t\t\t<h4 class=\"elementor-heading-title elementor-size-default\">\u00bfTe ca\u00edste en la vereda o en la calle? \u00bfSos un peat\u00f3n y sufriste da\u00f1os o lesiones en la v\u00eda p\u00fablica?<br>Le\u00e9 estas notas:<\/h4>\t\t\t\t<\/div>\n\t\t\t\t<\/div>\n\t\t\t\t\t<\/div>\n\t\t\t\t<\/div>\n\t\t<div class=\"elementor-element elementor-element-f03916e e-flex e-con-boxed e-con e-parent\" data-id=\"f03916e\" data-element_type=\"container\" data-e-type=\"container\">\n\t\t\t\t\t<div class=\"e-con-inner\">\n\t\t<div class=\"elementor-element elementor-element-ca6a3a3 e-con-full e-flex e-con e-child\" data-id=\"ca6a3a3\" data-element_type=\"container\" data-e-type=\"container\">\n\t\t\t\t<div class=\"elementor-element elementor-element-8f86880 elementor-widget elementor-widget-heading\" data-id=\"8f86880\" data-element_type=\"widget\" data-e-type=\"widget\" data-widget_type=\"heading.default\">\n\t\t\t\t<div class=\"elementor-widget-container\">\n\t\t\t\t\t<h4 class=\"elementor-heading-title elementor-size-default\"><a href=\"https:\/\/www.diangelo.com.ar\/web\/accidentes-de-peatones-o-en-via-publica\/#1-accidente-peaton\">1- Preguntas frecuentes de un peat\u00f3n que sufre un accidente en la v\u00eda p\u00fablica.<\/a><\/h4>\t\t\t\t<\/div>\n\t\t\t\t<\/div>\n\t\t\t\t<\/div>\n\t\t<div class=\"elementor-element elementor-element-5e02fec e-con-full e-flex e-con e-child\" data-id=\"5e02fec\" data-element_type=\"container\" data-e-type=\"container\">\n\t\t\t\t<div class=\"elementor-element elementor-element-1781c34 elementor-widget elementor-widget-heading\" data-id=\"1781c34\" data-element_type=\"widget\" data-e-type=\"widget\" data-widget_type=\"heading.default\">\n\t\t\t\t<div class=\"elementor-widget-container\">\n\t\t\t\t\t<h4 class=\"elementor-heading-title elementor-size-default\"><a href=\"https:\/\/www.diangelo.com.ar\/web\/accidentes-de-peatones-o-en-via-publica\/#3-accidente-casos-via-publica\">3- El estudio en n\u00fameros<\/a><\/h4>\t\t\t\t<\/div>\n\t\t\t\t<\/div>\n\t\t\t\t<\/div>\n\t\t<div class=\"elementor-element elementor-element-83b9362 e-con-full e-flex e-con e-child\" data-id=\"83b9362\" data-element_type=\"container\" data-e-type=\"container\">\n\t\t\t\t<div class=\"elementor-element elementor-element-14f4858 elementor-widget elementor-widget-heading\" data-id=\"14f4858\" data-element_type=\"widget\" data-e-type=\"widget\" data-widget_type=\"heading.default\">\n\t\t\t\t<div class=\"elementor-widget-container\">\n\t\t\t\t\t<h4 class=\"elementor-heading-title elementor-size-default\"><a href=\"https:\/\/www.diangelo.com.ar\/web\/accidentes-de-peatones-o-en-via-publica\/#2-accidentes-mujeres\">2- La mayor\u00eda son mujeres. \u00bfPor qu\u00e9?<\/a><\/h4>\t\t\t\t<\/div>\n\t\t\t\t<\/div>\n\t\t\t\t<\/div>\n\t\t<div class=\"elementor-element elementor-element-0bacf1a e-con-full e-flex e-con e-child\" data-id=\"0bacf1a\" data-element_type=\"container\" data-e-type=\"container\">\n\t\t\t\t<div class=\"elementor-element elementor-element-158f503 elementor-widget elementor-widget-heading\" data-id=\"158f503\" data-element_type=\"widget\" data-e-type=\"widget\" data-widget_type=\"heading.default\">\n\t\t\t\t<div class=\"elementor-widget-container\">\n\t\t\t\t\t<h4 class=\"elementor-heading-title elementor-size-default\"><a href=\"https:\/\/www.diangelo.com.ar\/web\/accidentes-de-peatones-o-en-via-publica\/#4-accidentes-en-veredas-caba\">4- \u00bfUna epidemia nacional?<\/a><\/h4>\t\t\t\t<\/div>\n\t\t\t\t<\/div>\n\t\t\t\t<\/div>\n\t\t\t\t\t<\/div>\n\t\t\t\t<\/div>\n\t\t<div class=\"elementor-element elementor-element-052f31c e-flex e-con-boxed e-con e-parent\" data-id=\"052f31c\" data-element_type=\"container\" data-e-type=\"container\">\n\t\t\t\t\t<div class=\"e-con-inner\">\n\t\t\t\t<div class=\"elementor-element elementor-element-e9462bb elementor-widget elementor-widget-menu-anchor\" data-id=\"e9462bb\" data-element_type=\"widget\" data-e-type=\"widget\" data-widget_type=\"menu-anchor.default\">\n\t\t\t\t<div class=\"elementor-widget-container\">\n\t\t\t\t\t\t\t<div class=\"elementor-menu-anchor\" id=\"1-accidente-peaton\"><\/div>\n\t\t\t\t\t\t<\/div>\n\t\t\t\t<\/div>\n\t\t\t\t\t<\/div>\n\t\t\t\t<\/div>\n\t\t<div class=\"elementor-element elementor-element-6109081 e-flex e-con-boxed e-con e-parent\" data-id=\"6109081\" data-element_type=\"container\" data-e-type=\"container\">\n\t\t\t\t\t<div class=\"e-con-inner\">\n\t\t\t\t<div class=\"elementor-element elementor-element-9c2ec29 elementor-widget elementor-widget-image\" data-id=\"9c2ec29\" data-element_type=\"widget\" data-e-type=\"widget\" data-widget_type=\"image.default\">\n\t\t\t\t<div class=\"elementor-widget-container\">\n\t\t\t\t\t\t\t\t\t\t\t\t\t\t\t<img fetchpriority=\"high\" decoding=\"async\" width=\"300\" height=\"300\" src=\"https:\/\/www.diangelo.com.ar\/web\/wp-content\/uploads\/2025\/12\/caida-danos-lesiones-en-vereda-baldoza-rota-300x300.jpg\" class=\"attachment-medium size-medium wp-image-461\" alt=\"\" srcset=\"https:\/\/www.diangelo.com.ar\/web\/wp-content\/uploads\/2025\/12\/caida-danos-lesiones-en-vereda-baldoza-rota-300x300.jpg 300w, https:\/\/www.diangelo.com.ar\/web\/wp-content\/uploads\/2025\/12\/caida-danos-lesiones-en-vereda-baldoza-rota-150x150.jpg 150w, https:\/\/www.diangelo.com.ar\/web\/wp-content\/uploads\/2025\/12\/caida-danos-lesiones-en-vereda-baldoza-rota.jpg 512w\" sizes=\"(max-width: 300px) 100vw, 300px\" \/>\t\t\t\t\t\t\t\t\t\t\t\t\t\t\t<\/div>\n\t\t\t\t<\/div>\n\t\t\t\t\t<\/div>\n\t\t\t\t<\/div>\n\t\t<div class=\"elementor-element elementor-element-a61b447 e-flex e-con-boxed e-con e-parent\" data-id=\"a61b447\" data-element_type=\"container\" data-e-type=\"container\">\n\t\t\t\t\t<div class=\"e-con-inner\">\n\t\t\t\t<div class=\"elementor-element elementor-element-ecd20cf elementor-widget elementor-widget-heading\" data-id=\"ecd20cf\" data-element_type=\"widget\" data-e-type=\"widget\" data-widget_type=\"heading.default\">\n\t\t\t\t<div class=\"elementor-widget-container\">\n\t\t\t\t\t<h4 class=\"elementor-heading-title elementor-size-default\">1- Preguntas frecuentes de un peat\u00f3n que sufre un accidente en la v\u00eda p\u00fablica.<\/h4>\t\t\t\t<\/div>\n\t\t\t\t<\/div>\n\t\t\t\t\t<\/div>\n\t\t\t\t<\/div>\n\t\t<div class=\"elementor-element elementor-element-3366838 e-flex e-con-boxed e-con e-parent\" data-id=\"3366838\" data-element_type=\"container\" data-e-type=\"container\">\n\t\t\t\t\t<div class=\"e-con-inner\">\n\t\t\t\t<div class=\"elementor-element elementor-element-e15f361 elementor-widget elementor-widget-text-editor\" data-id=\"e15f361\" data-element_type=\"widget\" data-e-type=\"widget\" data-widget_type=\"text-editor.default\">\n\t\t\t\t<div class=\"elementor-widget-container\">\n\t\t\t\t\t\t\t\t\t<p><strong>\u00bfQu\u00e9 hago?<\/strong><\/p>\n<p>Lo primero que uno de pregunta al sufrir un accidente en la v\u00eda p\u00fablica es que puedo hacer y como procedo si me lesion\u00e9 por una ca\u00edda en la vereda o en la calle.<\/p>\n<p>Una alternativa es no hacer nada. Reclamar es un derecho no una obligaci\u00f3n. Sobre todo, si los da\u00f1os no son graves o la culpa es tuya.<\/p>\n<p>En cambio, si las lesiones y consecuencias son importantes y la ca\u00edda se debi\u00f3 a fallas de infraestructura, que es lo que pasa la mayor\u00eda de las veces, podes reclamar todos los da\u00f1os al responsable civil del hecho.<\/p>\n<p><strong>\u00bfQui\u00e9n responde?<\/strong><\/p>\n<p>a.- El principal responsable es el municipio donde te lesionaste. Las veredas, calles, plazas, canteros, \u00e1rboles, desag\u00fces pluviales, etc., son de dominio p\u00fablico del Estado Municipal.<br \/>Tambi\u00e9n es responsable por tolerar construcciones o agregados clandestinos, uso de material inadecuado, etc. que hacen los ciudadanos con o sin su autorizaci\u00f3n (veredas de baldosas inadecuadas, canteros, bicicleteros, mesas, sillas, carteles, etc.).<\/p>\n<p>b.- Si la ca\u00edda se produjo en una vereda la justicia extiende la responsabilidad al propietario frentista porque la mayor\u00eda -sino todos- los municipios ponen en sus hombros el mantenimiento y cuidado de ellas.<\/p>\n<p>c.- Tambi\u00e9n existen otras situaciones y otros responsables.<br \/>Por ejemplo si la ca\u00edda se produjo por desniveles en cajas o por falta de tapas de prestadores de servicios (agua, gas, electricidad, telefon\u00eda, etc.), la empresa tambi\u00e9n es responsables.<br \/>Si se trata de construcciones de obras p\u00fablicas o privadas, la responsabilidad tambi\u00e9n se extiende al propietario de la obra, la empresa contratista, (nacionales, provinciales o municipales subcontratista, etc.).<\/p>\n<p><strong>\u00bfC\u00f3mo hago?<\/strong><\/p>\n<p>Te informamos que vas a tener que judicializar el reclamo.<br \/>Es que en t\u00e9rminos generales las leyes administrativas proh\u00edben a los Estados (nacional, provincial o municipal) conciliar estas cuestiones.<\/p>\n<p><strong>\u00bfCu\u00e1ndo?<\/strong><\/p>\n<p>Es importante que sepas que cuando quieres dentro de los tres a\u00f1os a contar desde el d\u00eda del accidente. Despu\u00e9s de ese plazo prescribe y te quedas sin derechos.<\/p>\n<p>Si queres m\u00e1s informaci\u00f3n o una propuesta de trabajo escribinos:<\/p>\n<p>WhatsApp 1159549900<br \/>www.diangelo.com.ar<br \/>@cristiandiangelo<\/p>\n<p>Te puede interesar:<\/p>\n<ul>\n<li><a href=\"https:\/\/www.diangelo.com.ar\/web\/accidentes-de-peatones-o-en-via-publica\/#2-accidentes-mujeres\"><strong>Accidente en Veredas 2<\/strong><\/a><\/li>\n<li><strong><a href=\"https:\/\/www.diangelo.com.ar\/web\/accidentes-de-peatones-o-en-via-publica\/#3-accidente-casos-via-publica\">Accidente en Veredas 3<\/a><\/strong><\/li>\n<li><strong><a href=\"https:\/\/www.diangelo.com.ar\/web\/accidentes-de-peatones-o-en-via-publica\/#4-accidentes-en-veredas-caba\">Accidente en Veredas 4<\/a><\/strong><\/li>\n<\/ul>\t\t\t\t\t\t\t\t<\/div>\n\t\t\t\t<\/div>\n\t\t\t\t\t<\/div>\n\t\t\t\t<\/div>\n\t\t<div class=\"elementor-element elementor-element-261eaa3 e-flex e-con-boxed e-con e-parent\" data-id=\"261eaa3\" data-element_type=\"container\" data-e-type=\"container\">\n\t\t\t\t\t<div class=\"e-con-inner\">\n\t\t<div class=\"elementor-element elementor-element-9d0f094 e-con-full e-flex e-con e-child\" data-id=\"9d0f094\" data-element_type=\"container\" data-e-type=\"container\">\n\t\t\t\t<div class=\"elementor-element elementor-element-885ba21 elementor-widget__width-initial elementor-widget elementor-widget-heading\" data-id=\"885ba21\" data-element_type=\"widget\" data-e-type=\"widget\" data-widget_type=\"heading.default\">\n\t\t\t\t<div class=\"elementor-widget-container\">\n\t\t\t\t\t<h4 class=\"elementor-heading-title elementor-size-default\"><a href=\"https:\/\/www.diangelo.com.ar\/web\/via-publica\/\">\u00bfSab\u00e9s c\u00f3mo proceder en caso de que tengas un accidente en v\u00eda p\u00fablica en CABA?<br><br>Te lo cuento.\n<\/a><\/h4>\t\t\t\t<\/div>\n\t\t\t\t<\/div>\n\t\t\t\t<div class=\"elementor-element elementor-element-828f352 elementor-widget elementor-widget-heading\" data-id=\"828f352\" data-element_type=\"widget\" data-e-type=\"widget\" data-widget_type=\"heading.default\">\n\t\t\t\t<div class=\"elementor-widget-container\">\n\t\t\t\t\t<h4 class=\"elementor-heading-title elementor-size-default\"><a href=\"https:\/\/www.diangelo.com.ar\/web\/indemnizacion-por-accidente-en-via-publica\/\">Indemnizaci\u00f3n por accidente en v\u00eda p\u00fablica en Capital Federal.<br>Tenes derechos. <br><br>M\u00e1s info.\n<\/a><\/h4>\t\t\t\t<\/div>\n\t\t\t\t<\/div>\n\t\t\t\t<\/div>\n\t\t\t\t\t<\/div>\n\t\t\t\t<\/div>\n\t\t<div class=\"elementor-element elementor-element-a6d6261 e-flex e-con-boxed e-con e-parent\" data-id=\"a6d6261\" data-element_type=\"container\" data-e-type=\"container\">\n\t\t\t\t\t<div class=\"e-con-inner\">\n\t\t<div class=\"elementor-element elementor-element-20b2f8a e-con-full e-flex e-con e-child\" data-id=\"20b2f8a\" data-element_type=\"container\" data-e-type=\"container\">\n\t\t\t\t<div class=\"elementor-element elementor-element-5412414 elementor-widget elementor-widget-menu-anchor\" data-id=\"5412414\" data-element_type=\"widget\" data-e-type=\"widget\" data-widget_type=\"menu-anchor.default\">\n\t\t\t\t<div class=\"elementor-widget-container\">\n\t\t\t\t\t\t\t<div class=\"elementor-menu-anchor\" id=\"2-accidentes-mujeres\"><\/div>\n\t\t\t\t\t\t<\/div>\n\t\t\t\t<\/div>\n\t\t\t\t<\/div>\n\t\t\t\t\t<\/div>\n\t\t\t\t<\/div>\n\t\t<div class=\"elementor-element elementor-element-c0cce80 e-flex e-con-boxed e-con e-parent\" data-id=\"c0cce80\" data-element_type=\"container\" data-e-type=\"container\">\n\t\t\t\t\t<div class=\"e-con-inner\">\n\t\t<div class=\"elementor-element elementor-element-3c8f6d7 e-con-full e-flex e-con e-child\" data-id=\"3c8f6d7\" data-element_type=\"container\" data-e-type=\"container\">\n\t\t\t\t<div class=\"elementor-element elementor-element-fcc57b0 elementor-widget elementor-widget-image\" data-id=\"fcc57b0\" data-element_type=\"widget\" data-e-type=\"widget\" data-widget_type=\"image.default\">\n\t\t\t\t<div class=\"elementor-widget-container\">\n\t\t\t\t\t\t\t\t\t\t\t\t\t\t\t<img decoding=\"async\" width=\"300\" height=\"300\" src=\"https:\/\/www.diangelo.com.ar\/web\/wp-content\/uploads\/2025\/12\/caida-lesiones-danos-por-escombros-en-vereda-300x300.jpg\" class=\"attachment-medium size-medium wp-image-462\" alt=\"\" srcset=\"https:\/\/www.diangelo.com.ar\/web\/wp-content\/uploads\/2025\/12\/caida-lesiones-danos-por-escombros-en-vereda-300x300.jpg 300w, https:\/\/www.diangelo.com.ar\/web\/wp-content\/uploads\/2025\/12\/caida-lesiones-danos-por-escombros-en-vereda-150x150.jpg 150w, https:\/\/www.diangelo.com.ar\/web\/wp-content\/uploads\/2025\/12\/caida-lesiones-danos-por-escombros-en-vereda.jpg 512w\" sizes=\"(max-width: 300px) 100vw, 300px\" \/>\t\t\t\t\t\t\t\t\t\t\t\t\t\t\t<\/div>\n\t\t\t\t<\/div>\n\t\t\t\t<\/div>\n\t\t\t\t\t<\/div>\n\t\t\t\t<\/div>\n\t\t<div class=\"elementor-element elementor-element-5f0ec2f e-flex e-con-boxed e-con e-parent\" data-id=\"5f0ec2f\" data-element_type=\"container\" data-e-type=\"container\">\n\t\t\t\t\t<div class=\"e-con-inner\">\n\t\t\t\t<div class=\"elementor-element elementor-element-8855ea1 elementor-widget__width-inherit elementor-widget elementor-widget-heading\" data-id=\"8855ea1\" data-element_type=\"widget\" data-e-type=\"widget\" data-widget_type=\"heading.default\">\n\t\t\t\t<div class=\"elementor-widget-container\">\n\t\t\t\t\t<h4 class=\"elementor-heading-title elementor-size-default\">2- La mayor\u00eda son mujeres. \u00bfPor qu\u00e9?<\/h4>\t\t\t\t<\/div>\n\t\t\t\t<\/div>\n\t\t\t\t\t<\/div>\n\t\t\t\t<\/div>\n\t\t<div class=\"elementor-element elementor-element-48b7896 e-flex e-con-boxed e-con e-parent\" data-id=\"48b7896\" data-element_type=\"container\" data-e-type=\"container\">\n\t\t\t\t\t<div class=\"e-con-inner\">\n\t\t\t\t<div class=\"elementor-element elementor-element-ff278a2 elementor-widget elementor-widget-text-editor\" data-id=\"ff278a2\" data-element_type=\"widget\" data-e-type=\"widget\" data-widget_type=\"text-editor.default\">\n\t\t\t\t<div class=\"elementor-widget-container\">\n\t\t\t\t\t\t\t\t\t<p>Hay que tener en cuenta que gran parte de las ca\u00eddas de peatones que se producen en la v\u00eda p\u00fablica se deben a problemas de infraestructura por omisi\u00f3n del estado municipal.<\/p>\n<p>Estos son: Elementos inertes, veredas rotas, pozos, ausencia de tapas, descalces de cajas, tapas y baldosas, etc., hacen que el tr\u00e1nsito peatonal parezca una competencia de superaci\u00f3n de obst\u00e1culos.<br \/>Por otro lado se premia con el bienestar de no haberse lesionado.<\/p>\n<p>Lo llamativo es que 9 de cada 10 personas que nos consultaron FUERON MUJERES y todos, PERO TODOS los juicios que ya ganamos y los que contin\u00faan en tr\u00e1mite, TAMBIEN SON MUJERES.<\/p>\n<p>La estad\u00edstica no es oficial sino propia y los posibles motivos que la contribuyen no tienen base cient\u00edfica. Obedece m\u00e1s bien a nuestras propias inquietudes.<br \/>De acuerdo al an\u00e1lisis del material en contrado (bibliograf\u00eda, art\u00edculos, IA, b\u00fasqueda en la web, consultas m\u00e9dicas) creemos que los motivos que pueden justificar esas diferencias, son:<\/p>\n<p><strong>1.- Gen\u00e9tica 1<\/strong><br \/>En estado natural, es decir sin entrenamiento f\u00edsico, las mujeres tienen menor masa muscular y composici\u00f3n \u00f3sea, tanto en densidad como en tama\u00f1o que los hombres, debido especialmente a las diferentes cantidades de testosterona y estr\u00f3genos entre un sexo y el otro.<\/p>\n<p><strong>2.- Gen\u00e9tica 2<\/strong><br \/>La horma del pie femenino es diferente a la de los hombres: es m\u00e1s peque\u00f1a, tanto ancho como en largo, tal\u00f3n m\u00e1s estrecho, arco y empeine m\u00e1s elevado, alineaci\u00f3n de cadera y rodillas m\u00e1s pronunciadas, etc.<\/p>\n<p><strong>3.- Calzado<\/strong><br \/>La diferencia de hormas apuntadas lleva necesariamente a fabricar calzados diferentes (m\u00e1s peque\u00f1os y delgados), a lo que habr\u00e1 que sumarle la cuesti\u00f3n est\u00e9tica impuesta por la historia y costumbres sociales, que hacen de este t\u00f3pico una verdadera industria comercial.<br \/>El calzado femenino es m\u00e1s art\u00edstico, ajustado y perfilado haciendo que exponga sus tobillos en demas\u00eda. Caminan a m\u00e1s altura por sus tacos y plataformas y suelen ser tambi\u00e9n m\u00e1s ornamentales (hebillas, tachas, correas, etc) en sus diferentes tipos de zapatos<\/p>\n<p><strong>4.- Equilibrio<\/strong><br \/>Cuestiones socioculturales hacen que la mujer transite m\u00e1s cargada: carteras con objetos que por dise\u00f1o no caben en sus ropas. Bolsas adicionales con m\u00e1s objetos, compras hogare\u00f1as, hijos peque\u00f1os a la rastra, sus mochilas escolares, cochecitos, etc.<\/p>\n<p>A esta altura una mirada r\u00e1pida puede hacerlas responsables de sus propias ca\u00eddas y lesiones. Pero tenemos que aclararte que NO.<br \/>Las ca\u00eddas y lesiones que se producen en la v\u00eda p\u00fablica obedecen a la falta de mantenimiento por parte del estado municipal. <br \/>Las cuestiones gen\u00e9ticas y socio culturales apenas son una opini\u00f3n para encontrarle un sentido a la estad\u00edstica alarmante que suministramos.<br \/>Al contrario, por ellas y para ellas justamente los municipios deber\u00edan mejorar y facilitarles el tr\u00e1nsito.<\/p>\n<p>Si queres m\u00e1s informaci\u00f3n o una propuesta de trabajo escribinos:<\/p>\n<p>WhatsApp 1159549900<br \/>www.diangelo.com.ar<br \/>@cristiandiangelo<\/p>\n<p>Te puede interesar:<\/p>\n<ul>\n<li><a href=\"https:\/\/www.diangelo.com.ar\/web\/accidentes-de-peatones-o-en-via-publica\/#1-accidente-peaton\"><strong>Accidente en Veredas 1<\/strong><\/a><\/li>\n<li><strong><a href=\"https:\/\/www.diangelo.com.ar\/web\/accidentes-de-peatones-o-en-via-publica\/#3-accidente-casos-via-publica\">Accidente en Veredas 3<\/a><\/strong><\/li>\n<li><strong><a href=\"https:\/\/www.diangelo.com.ar\/web\/accidentes-de-peatones-o-en-via-publica\/#4-accidentes-en-veredas-caba\">Accidente en Veredas 4<\/a><\/strong><\/li>\n<\/ul>\t\t\t\t\t\t\t\t<\/div>\n\t\t\t\t<\/div>\n\t\t\t\t\t<\/div>\n\t\t\t\t<\/div>\n\t\t<div class=\"elementor-element elementor-element-992f638 e-flex e-con-boxed e-con e-parent\" data-id=\"992f638\" data-element_type=\"container\" data-e-type=\"container\">\n\t\t\t\t\t<div class=\"e-con-inner\">\n\t\t<div class=\"elementor-element elementor-element-f3ad068 e-con-full e-flex e-con e-child\" data-id=\"f3ad068\" data-element_type=\"container\" data-e-type=\"container\">\n\t\t\t\t<div class=\"elementor-element elementor-element-b8caeda elementor-widget__width-initial elementor-widget elementor-widget-heading\" data-id=\"b8caeda\" data-element_type=\"widget\" data-e-type=\"widget\" data-widget_type=\"heading.default\">\n\t\t\t\t<div class=\"elementor-widget-container\">\n\t\t\t\t\t<h4 class=\"elementor-heading-title elementor-size-default\"><a href=\"https:\/\/www.diangelo.com.ar\/web\/via-publica\/\">\u00bfSab\u00e9s c\u00f3mo proceder en caso de que tengas un accidente en v\u00eda p\u00fablica en CABA?<br><br>Te lo cuento.\n<\/a><\/h4>\t\t\t\t<\/div>\n\t\t\t\t<\/div>\n\t\t\t\t<div class=\"elementor-element elementor-element-695b524 elementor-widget elementor-widget-heading\" data-id=\"695b524\" data-element_type=\"widget\" data-e-type=\"widget\" data-widget_type=\"heading.default\">\n\t\t\t\t<div class=\"elementor-widget-container\">\n\t\t\t\t\t<h4 class=\"elementor-heading-title elementor-size-default\"><a href=\"https:\/\/www.diangelo.com.ar\/web\/indemnizacion-por-accidente-en-via-publica\/\">Indemnizaci\u00f3n por accidente en v\u00eda p\u00fablica en Capital Federal.<br>Tenes derechos. <br><br>M\u00e1s info.\n<\/a><\/h4>\t\t\t\t<\/div>\n\t\t\t\t<\/div>\n\t\t\t\t<\/div>\n\t\t\t\t\t<\/div>\n\t\t\t\t<\/div>\n\t\t<div class=\"elementor-element elementor-element-44be68f e-flex e-con-boxed e-con e-parent\" data-id=\"44be68f\" data-element_type=\"container\" data-e-type=\"container\">\n\t\t\t\t\t<div class=\"e-con-inner\">\n\t\t\t\t<div class=\"elementor-element elementor-element-89a3aac elementor-widget elementor-widget-menu-anchor\" data-id=\"89a3aac\" data-element_type=\"widget\" data-e-type=\"widget\" data-widget_type=\"menu-anchor.default\">\n\t\t\t\t<div class=\"elementor-widget-container\">\n\t\t\t\t\t\t\t<div class=\"elementor-menu-anchor\" id=\"3-accidente-casos-via-publica\"><\/div>\n\t\t\t\t\t\t<\/div>\n\t\t\t\t<\/div>\n\t\t\t\t\t<\/div>\n\t\t\t\t<\/div>\n\t\t<div class=\"elementor-element elementor-element-7227293 e-flex e-con-boxed e-con e-parent\" data-id=\"7227293\" data-element_type=\"container\" data-e-type=\"container\">\n\t\t\t\t\t<div class=\"e-con-inner\">\n\t\t<div class=\"elementor-element elementor-element-a2db2fe e-con-full e-flex e-con e-child\" data-id=\"a2db2fe\" data-element_type=\"container\" data-e-type=\"container\">\n\t\t\t\t<div class=\"elementor-element elementor-element-61d921c elementor-widget elementor-widget-image\" data-id=\"61d921c\" data-element_type=\"widget\" data-e-type=\"widget\" data-widget_type=\"image.default\">\n\t\t\t\t<div class=\"elementor-widget-container\">\n\t\t\t\t\t\t\t\t\t\t\t\t\t\t\t<img decoding=\"async\" width=\"300\" height=\"300\" src=\"https:\/\/www.diangelo.com.ar\/web\/wp-content\/uploads\/2025\/12\/caida-vereda-en-mal-estado-en-caba-ciudad-de-buenos-aires-300x300.jpg\" class=\"attachment-medium size-medium wp-image-463\" alt=\"\" srcset=\"https:\/\/www.diangelo.com.ar\/web\/wp-content\/uploads\/2025\/12\/caida-vereda-en-mal-estado-en-caba-ciudad-de-buenos-aires-300x300.jpg 300w, https:\/\/www.diangelo.com.ar\/web\/wp-content\/uploads\/2025\/12\/caida-vereda-en-mal-estado-en-caba-ciudad-de-buenos-aires-150x150.jpg 150w, https:\/\/www.diangelo.com.ar\/web\/wp-content\/uploads\/2025\/12\/caida-vereda-en-mal-estado-en-caba-ciudad-de-buenos-aires.jpg 512w\" sizes=\"(max-width: 300px) 100vw, 300px\" \/>\t\t\t\t\t\t\t\t\t\t\t\t\t\t\t<\/div>\n\t\t\t\t<\/div>\n\t\t\t\t<\/div>\n\t\t\t\t\t<\/div>\n\t\t\t\t<\/div>\n\t\t<div class=\"elementor-element elementor-element-a4e10fd e-flex e-con-boxed e-con e-parent\" data-id=\"a4e10fd\" data-element_type=\"container\" data-e-type=\"container\">\n\t\t\t\t\t<div class=\"e-con-inner\">\n\t\t\t\t<div class=\"elementor-element elementor-element-6b2eed8 elementor-widget__width-inherit elementor-widget elementor-widget-heading\" data-id=\"6b2eed8\" data-element_type=\"widget\" data-e-type=\"widget\" data-widget_type=\"heading.default\">\n\t\t\t\t<div class=\"elementor-widget-container\">\n\t\t\t\t\t<h4 class=\"elementor-heading-title elementor-size-default\">3- El estudio en n\u00fameros<\/h4>\t\t\t\t<\/div>\n\t\t\t\t<\/div>\n\t\t\t\t\t<\/div>\n\t\t\t\t<\/div>\n\t\t<div class=\"elementor-element elementor-element-a2feddd e-flex e-con-boxed e-con e-parent\" data-id=\"a2feddd\" data-element_type=\"container\" data-e-type=\"container\">\n\t\t\t\t\t<div class=\"e-con-inner\">\n\t\t\t\t<div class=\"elementor-element elementor-element-4e62684 elementor-widget elementor-widget-text-editor\" data-id=\"4e62684\" data-element_type=\"widget\" data-e-type=\"widget\" data-widget_type=\"text-editor.default\">\n\t\t\t\t<div class=\"elementor-widget-container\">\n\t\t\t\t\t\t\t\t\t<p>Nuestro primer caso lleg\u00f3 de la mano de Mariana, una joven mam\u00e1 que caminaba con una beba de dos a\u00f1os en sus brazos y se cay\u00f3 desde su propia altura por una vereda en mal estado.<\/p>\n<blockquote>\n<p><strong>\u00bfConsecuencias?<\/strong><br \/>Fractura m\u00faltiple con desplazamiento de la r\u00f3tula izquierda.<br \/>Dos intervenciones quir\u00fargicas, 2 tronillos de titanio y 14 puntos de sutura.<br \/>Convalecencia y rehabilitaci\u00f3n traum\u00e1tica:<br \/>Dolor extremo. Analg\u00e9sicos y antibi\u00f3ticos inyectables y v\u00eda oral.<br \/>Fiebres y suspensi\u00f3n de lactancia de su otra hija.<br \/>F\u00e9rula de Toronto 24 x 7 por 40 d\u00edas. Consecuencia: desgarro parcial de cu\u00e1driceps y punci\u00f3n.<br \/>Uso de muletas y f\u00e9rula posquir\u00fargica x 40 d\u00edas.<br \/>129 sesiones de tratamiento de rehabilitaci\u00f3n.<br \/>Tiempo total insumido: del 30\/10\/2006 al 18\/9\/2008.<\/p>\n<\/blockquote>\n<p>Desde entonces al 2025 asesoramos a m\u00e1s de 120 personas que se cayeron y lesionaron en la v\u00eda p\u00fablica. Intervenimos en m\u00e1s de 47 asesoramientos a colegas y ganamos todos los juicios que llevamos a cabo. Con los que siguen en tr\u00e1mite y los que esperan iniciarse, somos optimistas y pronosticamos sus triunfos.<\/p>\n<p><strong>La afirmaci\u00f3n no se basa en una fe religiosa sino en elementos objetivos de ponderaci\u00f3n:<\/strong><\/p>\n<p>a.- La ca\u00edda no fue culpa de las damnificadas, sino de la falta de servicio del municipio.<br \/>b.- Antes de iniciar el pleito, buscamos, filtramos y trabajamos mucho la prueba que despu\u00e9s bamos a usar. Eso nos da tranquilidad y disminuye riesgos.<br \/>c.- No somos improvisados, no es el primer caso que nos llega y tampoco es el primer juicio que ganamos.<br \/>d.- Las clientas depositan su confianza en nosotros y eso nos genera una enorme responsabilidad y compromiso.<br \/>e.- Nosotros tambi\u00e9n contamos con ellas y por eso se crea un clima de feedback y cordialidad.<\/p>\n<p><strong><span style=\"color: #ce1a1a;\">Reclamar es tu derecho, no lo dejes pasar. Solo tenes tres a\u00f1os para hacerlo.<\/span><\/strong><\/p>\n<p>Si queres m\u00e1s informaci\u00f3n o una propuesta de trabajo escribinos:<\/p>\n<p>WhatsApp 1159549900<br \/>www.diangelo.com.ar<br \/>@cristiandiangelo<\/p>\n<p>Te puede interesar:<\/p>\n<ul>\n<li><a href=\"https:\/\/www.diangelo.com.ar\/web\/accidentes-de-peatones-o-en-via-publica\/#1-accidente-peaton\"><strong>Accidente es Veredas 1<\/strong><\/a><\/li>\n<li><strong><a href=\"https:\/\/www.diangelo.com.ar\/web\/accidentes-de-peatones-o-en-via-publica\/#2-accidentes-mujeres\">Accidente en Veredas 2<\/a><\/strong><\/li>\n<li><strong><a href=\"https:\/\/www.diangelo.com.ar\/web\/accidentes-de-peatones-o-en-via-publica\/#4-accidentes-en-veredas-caba\">Accidente en Veredas 4<\/a><\/strong><\/li>\n<\/ul>\t\t\t\t\t\t\t\t<\/div>\n\t\t\t\t<\/div>\n\t\t\t\t\t<\/div>\n\t\t\t\t<\/div>\n\t\t<div class=\"elementor-element elementor-element-7f7f3d6 e-flex e-con-boxed e-con e-parent\" data-id=\"7f7f3d6\" data-element_type=\"container\" data-e-type=\"container\">\n\t\t\t\t\t<div class=\"e-con-inner\">\n\t\t<div class=\"elementor-element elementor-element-8ce06c2 e-con-full e-flex e-con e-child\" data-id=\"8ce06c2\" data-element_type=\"container\" data-e-type=\"container\">\n\t\t\t\t<div class=\"elementor-element elementor-element-e50b7a2 elementor-widget__width-initial elementor-widget elementor-widget-heading\" data-id=\"e50b7a2\" data-element_type=\"widget\" data-e-type=\"widget\" data-widget_type=\"heading.default\">\n\t\t\t\t<div class=\"elementor-widget-container\">\n\t\t\t\t\t<h4 class=\"elementor-heading-title elementor-size-default\"><a href=\"https:\/\/www.diangelo.com.ar\/web\/via-publica\/\">\u00bfSab\u00e9s c\u00f3mo proceder en caso de que tengas un accidente en v\u00eda p\u00fablica en CABA?<br><br>Te lo cuento.\n<\/a><\/h4>\t\t\t\t<\/div>\n\t\t\t\t<\/div>\n\t\t\t\t<div class=\"elementor-element elementor-element-3f84d8a elementor-widget elementor-widget-heading\" data-id=\"3f84d8a\" data-element_type=\"widget\" data-e-type=\"widget\" data-widget_type=\"heading.default\">\n\t\t\t\t<div class=\"elementor-widget-container\">\n\t\t\t\t\t<h4 class=\"elementor-heading-title elementor-size-default\"><a href=\"https:\/\/www.diangelo.com.ar\/web\/indemnizacion-por-accidente-en-via-publica\/\">Indemnizaci\u00f3n por accidente en v\u00eda p\u00fablica en Capital Federal.<br>Tenes derechos. <br><br>M\u00e1s info.\n<\/a><\/h4>\t\t\t\t<\/div>\n\t\t\t\t<\/div>\n\t\t\t\t<\/div>\n\t\t\t\t\t<\/div>\n\t\t\t\t<\/div>\n\t\t<div class=\"elementor-element elementor-element-2ca9da1 e-flex e-con-boxed e-con e-parent\" data-id=\"2ca9da1\" data-element_type=\"container\" data-e-type=\"container\">\n\t\t\t\t\t<div class=\"e-con-inner\">\n\t\t\t\t<div class=\"elementor-element elementor-element-4bdb797 elementor-widget elementor-widget-menu-anchor\" data-id=\"4bdb797\" data-element_type=\"widget\" data-e-type=\"widget\" data-widget_type=\"menu-anchor.default\">\n\t\t\t\t<div class=\"elementor-widget-container\">\n\t\t\t\t\t\t\t<div class=\"elementor-menu-anchor\" id=\"4-accidentes-en-veredas-caba\"><\/div>\n\t\t\t\t\t\t<\/div>\n\t\t\t\t<\/div>\n\t\t\t\t\t<\/div>\n\t\t\t\t<\/div>\n\t\t<div class=\"elementor-element elementor-element-7d60b2c e-flex e-con-boxed e-con e-parent\" data-id=\"7d60b2c\" data-element_type=\"container\" data-e-type=\"container\">\n\t\t\t\t\t<div class=\"e-con-inner\">\n\t\t<div class=\"elementor-element elementor-element-d851d65 e-con-full e-flex e-con e-child\" data-id=\"d851d65\" data-element_type=\"container\" data-e-type=\"container\">\n\t\t\t\t<div class=\"elementor-element elementor-element-f03a8b4 elementor-widget elementor-widget-image\" data-id=\"f03a8b4\" data-element_type=\"widget\" data-e-type=\"widget\" data-widget_type=\"image.default\">\n\t\t\t\t<div class=\"elementor-widget-container\">\n\t\t\t\t\t\t\t\t\t\t\t\t\t\t\t<img loading=\"lazy\" decoding=\"async\" width=\"300\" height=\"300\" src=\"https:\/\/www.diangelo.com.ar\/web\/wp-content\/uploads\/2025\/12\/caida-en-vereda-rota-obra-charco-300x300.jpg\" class=\"attachment-medium size-medium wp-image-465\" alt=\"\" srcset=\"https:\/\/www.diangelo.com.ar\/web\/wp-content\/uploads\/2025\/12\/caida-en-vereda-rota-obra-charco-300x300.jpg 300w, https:\/\/www.diangelo.com.ar\/web\/wp-content\/uploads\/2025\/12\/caida-en-vereda-rota-obra-charco-150x150.jpg 150w, https:\/\/www.diangelo.com.ar\/web\/wp-content\/uploads\/2025\/12\/caida-en-vereda-rota-obra-charco.jpg 512w\" sizes=\"(max-width: 300px) 100vw, 300px\" \/>\t\t\t\t\t\t\t\t\t\t\t\t\t\t\t<\/div>\n\t\t\t\t<\/div>\n\t\t\t\t<\/div>\n\t\t\t\t\t<\/div>\n\t\t\t\t<\/div>\n\t\t<div class=\"elementor-element elementor-element-b7dfc1b e-flex e-con-boxed e-con e-parent\" data-id=\"b7dfc1b\" data-element_type=\"container\" data-e-type=\"container\">\n\t\t\t\t\t<div class=\"e-con-inner\">\n\t\t\t\t<div class=\"elementor-element elementor-element-3771910 elementor-widget__width-inherit elementor-widget elementor-widget-heading\" data-id=\"3771910\" data-element_type=\"widget\" data-e-type=\"widget\" data-widget_type=\"heading.default\">\n\t\t\t\t<div class=\"elementor-widget-container\">\n\t\t\t\t\t<h4 class=\"elementor-heading-title elementor-size-default\">4- \u00bfUna epidemia nacional?<\/h4>\t\t\t\t<\/div>\n\t\t\t\t<\/div>\n\t\t\t\t\t<\/div>\n\t\t\t\t<\/div>\n\t\t<div class=\"elementor-element elementor-element-72edbdf e-flex e-con-boxed e-con e-parent\" data-id=\"72edbdf\" data-element_type=\"container\" data-e-type=\"container\">\n\t\t\t\t\t<div class=\"e-con-inner\">\n\t\t\t\t<div class=\"elementor-element elementor-element-b898b12 elementor-widget elementor-widget-text-editor\" data-id=\"b898b12\" data-element_type=\"widget\" data-e-type=\"widget\" data-widget_type=\"text-editor.default\">\n\t\t\t\t<div class=\"elementor-widget-container\">\n\t\t\t\t\t\t\t\t\t<p>Para empezar en art\u00edculos anteriores te contamos que las ca\u00eddas y lesiones en la v\u00eda p\u00fablica se deb\u00edan a problemas de infraestructura; que la mayor\u00eda de las perjudicadas eran mujeres y que el m\u00e1ximo responsable era el municipio.<\/p>\n<p>De todos modos tuvimos y tenemos juicios en tr\u00e1mite contra CABA y otros municipios del conurbano. Como tambi\u00e9n tuvimos oportunidad de colaborar con colegas de otras provincias, se nos ocurri\u00f3 hacer una pesquisa.<br \/>Concluimos que la falta de servicio de los municipios en este t\u00f3pico, es una epidemia nacional. Con leer notas en distintos medios gr\u00e1ficos llegar\u00edan a la misma opini\u00f3n.<\/p>\n<p><strong>Estos son algunos ejemplos de titulares sobre el tema en distintos medios de noticias:<\/strong><\/p>\n<p>Titula Infobae: <strong>\u201cTropez\u00f3 y cay\u00f3 en una vereda en mal estado. Para la justicia, la municipalidad es responsable y deber\u00e1 pagar m\u00e1s de seis millones a una vecina. Sucedi\u00f3 en San Isidro\u201d<\/strong>.<br \/><a href=\"https:\/\/www.infobae.com\/judiciales\/2025\/12\/14\/tropezo-y-cayo-en-una-vereda-en-mal-estado-para-la-justicia-la-municipalidad-es-responsable\/\" target=\"_blank\" rel=\"noopener\">https:\/\/www.infobae.com\/judiciales\/2025\/12\/14\/tropezo-y-cayo-en-una-vereda-en-mal-estado-para-la-justicia-la-municipalidad-es-responsable\/<\/a><\/p>\n<p><strong>\u201cSe cay\u00f3 por una vereda rota, hizo juicio a la Municipalidad y gan\u00f3 una millonada\u201d<\/strong>, es el titular de una nota de Cadena 3 Rosario:<br \/><a href=\"https:\/\/www.cadena3.com\/noticia\/siempre-juntos-rosario\/se-cayo-en-una-vereda-y-el-municipio-le-pagara-6000000_329011\" target=\"_blank\" rel=\"noopener\">https:\/\/www.cadena3.com\/noticia\/siempre-juntos-rosario\/se-cayo-en-una-vereda-y-el-municipio-le-pagara-6000000_329011<\/a><\/p>\n<p>En La Naci\u00f3n, por ejemplo: <strong>\u201cIndemnizan a una mujer que sufri\u00f3 una ca\u00edda por una vereda en mal estado en frente del Indec\u201d<\/strong>.<br \/><a href=\"https:\/\/www.lanacion.com.ar\/sociedad\/indemnizan-a-una-mujer-que-sufrio-una-caida-por-una-vereda-en-mal-estado-en-el-frente-del-indec-nid13062023\/\" target=\"_blank\" rel=\"noopener\">https:\/\/www.lanacion.com.ar\/sociedad\/indemnizan-a-una-mujer-que-sufrio-una-caida-por-una-vereda-en-mal-estado-en-el-frente-del-indec-nid13062023\/<\/a><\/p>\n<p><strong>\u201cVeredas en mal estado: \u00bfDe qui\u00e9n es la responsabilidad si ocurre algo?\u201d<\/strong>, se pregunta Viento Sur Noticias, de la ciudad de Catril, donde un tribunal de General Roca conden\u00f3 al municipio y al frentista por la doble fractura que sufri\u00f3 una mujer de 58 a\u00f1os.<br \/><a href=\"https:\/\/vientosurnoticias.com.ar\/veredas-en-mal-estado-de-quien-es-la-responsabilidad-si-ocurre-algo\/\" target=\"_blank\" rel=\"noopener\">https:\/\/vientosurnoticias.com.ar\/veredas-en-mal-estado-de-quien-es-la-responsabilidad-si-ocurre-algo\/<\/a><\/p>\n<p>Art\u00edculos similares se replican en Rio Negro, Mendoza, Entre R\u00edos y dem\u00e1s Provincias.<\/p>\n<p><span style=\"color: #ce1a1a;\"><strong>\u00bfNotaste el otro com\u00fan denominar?<\/strong><\/span><br \/><span style=\"color: #ce1a1a;\">Todas las lesionadas son mujeres.<\/span><br \/><span style=\"text-decoration: underline;\">Creemos que los municipios algo deber\u00edan hacer con estos informes.<\/span><\/p>\n<p>Si queres m\u00e1s informaci\u00f3n o una propuesta de trabajo escribinos:<\/p>\n<p>WhatsApp 1159549900<br \/>www.diangelo.com.ar<br \/>@cristiandiangelo<\/p>\n<p>Te puede interesar:<\/p>\n<ul>\n<li><strong><a href=\"https:\/\/www.diangelo.com.ar\/web\/accidentes-de-peatones-o-en-via-publica\/#1-accidente-peaton\">Accidente en Veredas 1<\/a><\/strong><\/li>\n<li><strong><a href=\"https:\/\/www.diangelo.com.ar\/web\/accidentes-de-peatones-o-en-via-publica\/#2-accidentes-mujeres\">Accidente en Veredas 2<\/a><\/strong><\/li>\n<li><strong><a href=\"https:\/\/www.diangelo.com.ar\/web\/accidentes-de-peatones-o-en-via-publica\/#3-accidente-casos-via-publica\">Accidente en Veredas 3<\/a><\/strong><\/li>\n<\/ul>\t\t\t\t\t\t\t\t<\/div>\n\t\t\t\t<\/div>\n\t\t\t\t\t<\/div>\n\t\t\t\t<\/div>\n\t\t<div class=\"elementor-element elementor-element-2dd162d e-flex e-con-boxed e-con e-parent\" data-id=\"2dd162d\" data-element_type=\"container\" data-e-type=\"container\">\n\t\t\t\t\t<div class=\"e-con-inner\">\n\t\t<div class=\"elementor-element elementor-element-676020c e-con-full e-flex e-con e-child\" data-id=\"676020c\" data-element_type=\"container\" data-e-type=\"container\">\n\t\t\t\t<div class=\"elementor-element elementor-element-a44b85d elementor-widget__width-initial elementor-widget elementor-widget-heading\" data-id=\"a44b85d\" data-element_type=\"widget\" data-e-type=\"widget\" data-widget_type=\"heading.default\">\n\t\t\t\t<div class=\"elementor-widget-container\">\n\t\t\t\t\t<h4 class=\"elementor-heading-title elementor-size-default\"><a href=\"https:\/\/www.diangelo.com.ar\/web\/via-publica\/\">\u00bfSab\u00e9s c\u00f3mo proceder en caso de que tengas un accidente en v\u00eda p\u00fablica en CABA?<br><br>Te lo cuento.\n<\/a><\/h4>\t\t\t\t<\/div>\n\t\t\t\t<\/div>\n\t\t\t\t<div class=\"elementor-element elementor-element-c43b1e0 elementor-widget elementor-widget-heading\" data-id=\"c43b1e0\" data-element_type=\"widget\" data-e-type=\"widget\" data-widget_type=\"heading.default\">\n\t\t\t\t<div class=\"elementor-widget-container\">\n\t\t\t\t\t<h4 class=\"elementor-heading-title elementor-size-default\"><a href=\"https:\/\/www.diangelo.com.ar\/web\/indemnizacion-por-accidente-en-via-publica\/\">Indemnizaci\u00f3n por accidente en v\u00eda p\u00fablica en Capital Federal.<br>Tenes derechos. <br><br>M\u00e1s info.\n<\/a><\/h4>\t\t\t\t<\/div>\n\t\t\t\t<\/div>\n\t\t\t\t<\/div>\n\t\t\t\t\t<\/div>\n\t\t\t\t<\/div>\n\t\t\t\t<\/div>\n\t\t","protected":false},"excerpt":{"rendered":"<p>En primer lugar es importante que consultes con ABOGADOS ESPECIALISTAS EN ACCIDENTES CA\u00cdDAS Y LESIONES EN V\u00cdA P\u00daBLICA EN CABA. Pod\u00e9s consultar desde el formulario o por WhatsApp: 1159549900 \u00bfTuviste un accidentes? \u00bfQuer\u00e9s informarte sobre los casos m\u00e1s frecuentes o parecidos al tuyo? Podemos asesorarte e iniciar tu demanda, tenemos amplia experiencia en casos similares [&hellip;]<\/p>\n","protected":false},"author":1,"featured_media":0,"parent":0,"menu_order":0,"comment_status":"closed","ping_status":"closed","template":"","meta":{"_joinchat":[],"footnotes":""},"class_list":["post-399","page","type-page","status-publish","hentry"],"yoast_head":"<!-- This site is optimized with the Yoast SEO plugin v27.4 - https:\/\/yoast.com\/product\/yoast-seo-wordpress\/ -->\n<title>CA\u00cdDA Y LESIONES EN LA V\u00cdA PUBLICA &#187; Estudio Di Angelo<\/title>\n<meta name=\"description\" content=\"Si sufriste una ca\u00edda y lesiones en la v\u00eda p\u00fablica ten\u00e9s derecho a reclamar tu indemnizaci\u00f3n por da\u00f1os y lesiones, analizamos tu caso en CABA\" \/>\n<meta name=\"robots\" content=\"index, follow, max-snippet:-1, max-image-preview:large, max-video-preview:-1\" \/>\n<link rel=\"canonical\" href=\"https:\/\/www.diangelo.com.ar\/web\/accidentes-de-peatones-o-en-via-publica\/\" \/>\n<meta property=\"og:locale\" content=\"es_ES\" \/>\n<meta property=\"og:type\" content=\"article\" \/>\n<meta property=\"og:title\" content=\"CA\u00cdDA Y LESIONES EN LA V\u00cdA PUBLICA &#187; Estudio Di Angelo\" \/>\n<meta property=\"og:description\" content=\"Si sufriste una ca\u00edda y lesiones en la v\u00eda p\u00fablica ten\u00e9s derecho a reclamar tu indemnizaci\u00f3n por da\u00f1os y lesiones, analizamos tu caso en CABA\" \/>\n<meta property=\"og:url\" content=\"https:\/\/www.diangelo.com.ar\/web\/accidentes-de-peatones-o-en-via-publica\/\" \/>\n<meta property=\"og:site_name\" content=\"Estudio Di Angelo\" \/>\n<meta property=\"article:modified_time\" content=\"2026-01-06T17:20:31+00:00\" \/>\n<meta property=\"og:image\" content=\"https:\/\/www.diangelo.com.ar\/web\/wp-content\/uploads\/2025\/12\/caida-danos-lesiones-en-vereda-baldoza-rota-300x300.jpg\" \/>\n<meta name=\"twitter:card\" content=\"summary_large_image\" \/>\n<meta name=\"twitter:label1\" content=\"Tiempo de lectura\" \/>\n\t<meta name=\"twitter:data1\" content=\"9 minutos\" \/>\n<script type=\"application\/ld+json\" class=\"yoast-schema-graph\">{\"@context\":\"https:\\\/\\\/schema.org\",\"@graph\":[{\"@type\":\"WebPage\",\"@id\":\"https:\\\/\\\/www.diangelo.com.ar\\\/web\\\/accidentes-de-peatones-o-en-via-publica\\\/\",\"url\":\"https:\\\/\\\/www.diangelo.com.ar\\\/web\\\/accidentes-de-peatones-o-en-via-publica\\\/\",\"name\":\"CA\u00cdDA Y LESIONES EN LA V\u00cdA PUBLICA &#187; Estudio Di Angelo\",\"isPartOf\":{\"@id\":\"https:\\\/\\\/www.diangelo.com.ar\\\/web\\\/#website\"},\"primaryImageOfPage\":{\"@id\":\"https:\\\/\\\/www.diangelo.com.ar\\\/web\\\/accidentes-de-peatones-o-en-via-publica\\\/#primaryimage\"},\"image\":{\"@id\":\"https:\\\/\\\/www.diangelo.com.ar\\\/web\\\/accidentes-de-peatones-o-en-via-publica\\\/#primaryimage\"},\"thumbnailUrl\":\"https:\\\/\\\/www.diangelo.com.ar\\\/web\\\/wp-content\\\/uploads\\\/2025\\\/12\\\/caida-danos-lesiones-en-vereda-baldoza-rota-300x300.jpg\",\"datePublished\":\"2025-12-26T18:42:11+00:00\",\"dateModified\":\"2026-01-06T17:20:31+00:00\",\"description\":\"Si sufriste una ca\u00edda y lesiones en la v\u00eda p\u00fablica ten\u00e9s derecho a reclamar tu indemnizaci\u00f3n por da\u00f1os y lesiones, analizamos tu caso en CABA\",\"breadcrumb\":{\"@id\":\"https:\\\/\\\/www.diangelo.com.ar\\\/web\\\/accidentes-de-peatones-o-en-via-publica\\\/#breadcrumb\"},\"inLanguage\":\"es\",\"potentialAction\":[{\"@type\":\"ReadAction\",\"target\":[\"https:\\\/\\\/www.diangelo.com.ar\\\/web\\\/accidentes-de-peatones-o-en-via-publica\\\/\"]}]},{\"@type\":\"ImageObject\",\"inLanguage\":\"es\",\"@id\":\"https:\\\/\\\/www.diangelo.com.ar\\\/web\\\/accidentes-de-peatones-o-en-via-publica\\\/#primaryimage\",\"url\":\"https:\\\/\\\/www.diangelo.com.ar\\\/web\\\/wp-content\\\/uploads\\\/2025\\\/12\\\/caida-danos-lesiones-en-vereda-baldoza-rota.jpg\",\"contentUrl\":\"https:\\\/\\\/www.diangelo.com.ar\\\/web\\\/wp-content\\\/uploads\\\/2025\\\/12\\\/caida-danos-lesiones-en-vereda-baldoza-rota.jpg\",\"width\":512,\"height\":512},{\"@type\":\"BreadcrumbList\",\"@id\":\"https:\\\/\\\/www.diangelo.com.ar\\\/web\\\/accidentes-de-peatones-o-en-via-publica\\\/#breadcrumb\",\"itemListElement\":[{\"@type\":\"ListItem\",\"position\":1,\"name\":\"Portada\",\"item\":\"https:\\\/\\\/www.diangelo.com.ar\\\/web\\\/\"},{\"@type\":\"ListItem\",\"position\":2,\"name\":\"CA\u00cdDA Y LESIONES EN LA V\u00cdA PUBLICA\"}]},{\"@type\":\"WebSite\",\"@id\":\"https:\\\/\\\/www.diangelo.com.ar\\\/web\\\/#website\",\"url\":\"https:\\\/\\\/www.diangelo.com.ar\\\/web\\\/\",\"name\":\"Estudio Di Angelo\",\"description\":\"Abogados especialistas en accidentes da\u00f1os y derecho deportivo\",\"publisher\":{\"@id\":\"https:\\\/\\\/www.diangelo.com.ar\\\/web\\\/#\\\/schema\\\/person\\\/0d518b7eacd3749128aa4f0b13ad0880\"},\"alternateName\":\"Estudio de Abogados Di Angelo\",\"potentialAction\":[{\"@type\":\"SearchAction\",\"target\":{\"@type\":\"EntryPoint\",\"urlTemplate\":\"https:\\\/\\\/www.diangelo.com.ar\\\/web\\\/?s={search_term_string}\"},\"query-input\":{\"@type\":\"PropertyValueSpecification\",\"valueRequired\":true,\"valueName\":\"search_term_string\"}}],\"inLanguage\":\"es\"},{\"@type\":[\"Person\",\"Organization\"],\"@id\":\"https:\\\/\\\/www.diangelo.com.ar\\\/web\\\/#\\\/schema\\\/person\\\/0d518b7eacd3749128aa4f0b13ad0880\",\"name\":\"admin\",\"image\":{\"@type\":\"ImageObject\",\"inLanguage\":\"es\",\"@id\":\"https:\\\/\\\/www.diangelo.com.ar\\\/web\\\/wp-content\\\/uploads\\\/2025\\\/08\\\/cropped-icono-estudio-abogados.jpg\",\"url\":\"https:\\\/\\\/www.diangelo.com.ar\\\/web\\\/wp-content\\\/uploads\\\/2025\\\/08\\\/cropped-icono-estudio-abogados.jpg\",\"contentUrl\":\"https:\\\/\\\/www.diangelo.com.ar\\\/web\\\/wp-content\\\/uploads\\\/2025\\\/08\\\/cropped-icono-estudio-abogados.jpg\",\"width\":512,\"height\":512,\"caption\":\"admin\"},\"logo\":{\"@id\":\"https:\\\/\\\/www.diangelo.com.ar\\\/web\\\/wp-content\\\/uploads\\\/2025\\\/08\\\/cropped-icono-estudio-abogados.jpg\"},\"sameAs\":[\"https:\\\/\\\/www.diangelo.com.ar\\\/web\"]}]}<\/script>\n<!-- \/ Yoast SEO plugin. -->","yoast_head_json":{"title":"CA\u00cdDA Y LESIONES EN LA V\u00cdA PUBLICA &#187; Estudio Di Angelo","description":"Si sufriste una ca\u00edda y lesiones en la v\u00eda p\u00fablica ten\u00e9s derecho a reclamar tu indemnizaci\u00f3n por da\u00f1os y lesiones, analizamos tu caso en CABA","robots":{"index":"index","follow":"follow","max-snippet":"max-snippet:-1","max-image-preview":"max-image-preview:large","max-video-preview":"max-video-preview:-1"},"canonical":"https:\/\/www.diangelo.com.ar\/web\/accidentes-de-peatones-o-en-via-publica\/","og_locale":"es_ES","og_type":"article","og_title":"CA\u00cdDA Y LESIONES EN LA V\u00cdA PUBLICA &#187; Estudio Di Angelo","og_description":"Si sufriste una ca\u00edda y lesiones en la v\u00eda p\u00fablica ten\u00e9s derecho a reclamar tu indemnizaci\u00f3n por da\u00f1os y lesiones, analizamos tu caso en CABA","og_url":"https:\/\/www.diangelo.com.ar\/web\/accidentes-de-peatones-o-en-via-publica\/","og_site_name":"Estudio Di Angelo","article_modified_time":"2026-01-06T17:20:31+00:00","og_image":[{"url":"https:\/\/www.diangelo.com.ar\/web\/wp-content\/uploads\/2025\/12\/caida-danos-lesiones-en-vereda-baldoza-rota-300x300.jpg","type":"","width":"","height":""}],"twitter_card":"summary_large_image","twitter_misc":{"Tiempo de lectura":"9 minutos"},"schema":{"@context":"https:\/\/schema.org","@graph":[{"@type":"WebPage","@id":"https:\/\/www.diangelo.com.ar\/web\/accidentes-de-peatones-o-en-via-publica\/","url":"https:\/\/www.diangelo.com.ar\/web\/accidentes-de-peatones-o-en-via-publica\/","name":"CA\u00cdDA Y LESIONES EN LA V\u00cdA PUBLICA &#187; Estudio Di Angelo","isPartOf":{"@id":"https:\/\/www.diangelo.com.ar\/web\/#website"},"primaryImageOfPage":{"@id":"https:\/\/www.diangelo.com.ar\/web\/accidentes-de-peatones-o-en-via-publica\/#primaryimage"},"image":{"@id":"https:\/\/www.diangelo.com.ar\/web\/accidentes-de-peatones-o-en-via-publica\/#primaryimage"},"thumbnailUrl":"https:\/\/www.diangelo.com.ar\/web\/wp-content\/uploads\/2025\/12\/caida-danos-lesiones-en-vereda-baldoza-rota-300x300.jpg","datePublished":"2025-12-26T18:42:11+00:00","dateModified":"2026-01-06T17:20:31+00:00","description":"Si sufriste una ca\u00edda y lesiones en la v\u00eda p\u00fablica ten\u00e9s derecho a reclamar tu indemnizaci\u00f3n por da\u00f1os y lesiones, analizamos tu caso en CABA","breadcrumb":{"@id":"https:\/\/www.diangelo.com.ar\/web\/accidentes-de-peatones-o-en-via-publica\/#breadcrumb"},"inLanguage":"es","potentialAction":[{"@type":"ReadAction","target":["https:\/\/www.diangelo.com.ar\/web\/accidentes-de-peatones-o-en-via-publica\/"]}]},{"@type":"ImageObject","inLanguage":"es","@id":"https:\/\/www.diangelo.com.ar\/web\/accidentes-de-peatones-o-en-via-publica\/#primaryimage","url":"https:\/\/www.diangelo.com.ar\/web\/wp-content\/uploads\/2025\/12\/caida-danos-lesiones-en-vereda-baldoza-rota.jpg","contentUrl":"https:\/\/www.diangelo.com.ar\/web\/wp-content\/uploads\/2025\/12\/caida-danos-lesiones-en-vereda-baldoza-rota.jpg","width":512,"height":512},{"@type":"BreadcrumbList","@id":"https:\/\/www.diangelo.com.ar\/web\/accidentes-de-peatones-o-en-via-publica\/#breadcrumb","itemListElement":[{"@type":"ListItem","position":1,"name":"Portada","item":"https:\/\/www.diangelo.com.ar\/web\/"},{"@type":"ListItem","position":2,"name":"CA\u00cdDA Y LESIONES EN LA V\u00cdA PUBLICA"}]},{"@type":"WebSite","@id":"https:\/\/www.diangelo.com.ar\/web\/#website","url":"https:\/\/www.diangelo.com.ar\/web\/","name":"Estudio Di Angelo","description":"Abogados especialistas en accidentes da\u00f1os y derecho deportivo","publisher":{"@id":"https:\/\/www.diangelo.com.ar\/web\/#\/schema\/person\/0d518b7eacd3749128aa4f0b13ad0880"},"alternateName":"Estudio de Abogados Di Angelo","potentialAction":[{"@type":"SearchAction","target":{"@type":"EntryPoint","urlTemplate":"https:\/\/www.diangelo.com.ar\/web\/?s={search_term_string}"},"query-input":{"@type":"PropertyValueSpecification","valueRequired":true,"valueName":"search_term_string"}}],"inLanguage":"es"},{"@type":["Person","Organization"],"@id":"https:\/\/www.diangelo.com.ar\/web\/#\/schema\/person\/0d518b7eacd3749128aa4f0b13ad0880","name":"admin","image":{"@type":"ImageObject","inLanguage":"es","@id":"https:\/\/www.diangelo.com.ar\/web\/wp-content\/uploads\/2025\/08\/cropped-icono-estudio-abogados.jpg","url":"https:\/\/www.diangelo.com.ar\/web\/wp-content\/uploads\/2025\/08\/cropped-icono-estudio-abogados.jpg","contentUrl":"https:\/\/www.diangelo.com.ar\/web\/wp-content\/uploads\/2025\/08\/cropped-icono-estudio-abogados.jpg","width":512,"height":512,"caption":"admin"},"logo":{"@id":"https:\/\/www.diangelo.com.ar\/web\/wp-content\/uploads\/2025\/08\/cropped-icono-estudio-abogados.jpg"},"sameAs":["https:\/\/www.diangelo.com.ar\/web"]}]}},"_links":{"self":[{"href":"https:\/\/www.diangelo.com.ar\/web\/wp-json\/wp\/v2\/pages\/399","targetHints":{"allow":["GET"]}}],"collection":[{"href":"https:\/\/www.diangelo.com.ar\/web\/wp-json\/wp\/v2\/pages"}],"about":[{"href":"https:\/\/www.diangelo.com.ar\/web\/wp-json\/wp\/v2\/types\/page"}],"author":[{"embeddable":true,"href":"https:\/\/www.diangelo.com.ar\/web\/wp-json\/wp\/v2\/users\/1"}],"replies":[{"embeddable":true,"href":"https:\/\/www.diangelo.com.ar\/web\/wp-json\/wp\/v2\/comments?post=399"}],"version-history":[{"count":110,"href":"https:\/\/www.diangelo.com.ar\/web\/wp-json\/wp\/v2\/pages\/399\/revisions"}],"predecessor-version":[{"id":597,"href":"https:\/\/www.diangelo.com.ar\/web\/wp-json\/wp\/v2\/pages\/399\/revisions\/597"}],"wp:attachment":[{"href":"https:\/\/www.diangelo.com.ar\/web\/wp-json\/wp\/v2\/media?parent=399"}],"curies":[{"name":"wp","href":"https:\/\/api.w.org\/{rel}","templated":true}]}}